{"version":"1.0","provider_name":"Blog imosver","provider_url":"https:\/\/www.imosver.com\/blog","title":"Adi\u00f3s al emblem\u00e1tico Caf\u00e9 Comercial de Madrid - Blog imosver","type":"rich","width":600,"height":338,"html":"<blockquote class=\"wp-embedded-content\"><a href=\"https:\/\/www.imosver.com\/blog\/adios-al-emblematico-cafe-comercial-de-madrid\/\">Adi\u00f3s al emblem\u00e1tico Caf\u00e9 Comercial de Madrid<\/a><\/blockquote>\n<script type='text\/javascript'>\n<!--\/\/--><![CDATA[\/\/><!--\n\t\t\/*! This file is auto-generated *\/\n\t\t!function(c,d){\"use strict\";var e=!1,n=!1;if(d.querySelector)if(c.addEventListener)e=!0;if(c.wp=c.wp||{},!c.wp.receiveEmbedMessage)if(c.wp.receiveEmbedMessage=function(e){var t=e.data;if(t)if(t.secret||t.message||t.value)if(!\/[^a-zA-Z0-9]\/.test(t.secret)){for(var r,a,i,s=d.querySelectorAll('iframe[data-secret=\"'+t.secret+'\"]'),n=d.querySelectorAll('blockquote[data-secret=\"'+t.secret+'\"]'),o=0;o<n.length;o++)n[o].style.display=\"none\";for(o=0;o<s.length;o++)if(r=s[o],e.source===r.contentWindow){if(r.removeAttribute(\"style\"),\"height\"===t.message){if(1e3<(i=parseInt(t.value,10)))i=1e3;else if(~~i<200)i=200;r.height=i}if(\"link\"===t.message)if(a=d.createElement(\"a\"),i=d.createElement(\"a\"),a.href=r.getAttribute(\"src\"),i.href=t.value,i.host===a.host)if(d.activeElement===r)c.top.location.href=t.value}}},e)c.addEventListener(\"message\",c.wp.receiveEmbedMessage,!1),d.addEventListener(\"DOMContentLoaded\",t,!1),c.addEventListener(\"load\",t,!1);function t(){if(!n){n=!0;for(var e,t,r=-1!==navigator.appVersion.indexOf(\"MSIE 10\"),a=!!navigator.userAgent.match(\/Trident.*rv:11\\.\/),i=d.querySelectorAll(\"iframe.wp-embedded-content\"),s=0;s<i.length;s++){if(!(e=i[s]).getAttribute(\"data-secret\"))t=Math.random().toString(36).substr(2,10),e.src+=\"#?secret=\"+t,e.setAttribute(\"data-secret\",t);if(r||a)(t=e.cloneNode(!0)).removeAttribute(\"security\"),e.parentNode.replaceChild(t,e)}}}}(window,document);\n\/\/--><!]]>\n<\/script><iframe sandbox=\"allow-scripts\" security=\"restricted\" src=\"https:\/\/www.imosver.com\/blog\/adios-al-emblematico-cafe-comercial-de-madrid\/embed\/\" width=\"600\" height=\"338\" title=\"\u00abAdi\u00f3s al emblem\u00e1tico Caf\u00e9 Comercial de Madrid\u00bb \u2014 Blog imosver\" frameborder=\"0\" marginwidth=\"0\" marginheight=\"0\" scrolling=\"no\" class=\"wp-embedded-content\"><\/iframe>","description":"Tras 128 a\u00f1os de historia, el pasado lunes cerraba sus puertas el emblem\u00e1tico Caf\u00e9 Comercial de Madrid. El caf\u00e9 m\u00e1s antiguo de la capital espa\u00f1ola, fundado en 1887, ha sido durante varias generaciones un lugar de encuentro para intelectuales y artistas. Adem\u00e1s de tomar el caf\u00e9 y su delicioso chocolate con churros, los clientes del [&hellip;]","thumbnail_url":"https:\/\/www.imosver.com\/blog\/wp-content\/uploads\/2015\/07\/Caf\u00e9-Comercial-200x150.jpg"}